{"version":"1.0","provider_name":"Aidon","provider_url":"https:\/\/aidon.com\/sv\/","author_name":"suvi.vaakanainen@aidon.com","author_url":"https:\/\/aidon.com\/sv\/author\/suvi-vaakanainenaidon-com\/","title":"Avtal tecknat om byte av elm\u00e4tare och m\u00e4tsystem - Aidon","type":"rich","width":600,"height":338,"html":"<blockquote class=\"wp-embedded-content\" data-secret=\"qHSZpVPjbn\"><a href=\"https:\/\/aidon.com\/sv\/avtal-tecknat-om-byte-av-elmatare-och-matsystem\/\">Avtal tecknat om byte av elm\u00e4tare och m\u00e4tsystem<\/a><\/blockquote><iframe sandbox=\"allow-scripts\" security=\"restricted\" src=\"https:\/\/aidon.com\/sv\/avtal-tecknat-om-byte-av-elmatare-och-matsystem\/embed\/#?secret=qHSZpVPjbn\" width=\"600\" height=\"338\" title=\"\u201dAvtal tecknat om byte av elm\u00e4tare och m\u00e4tsystem\u201d &ndash; Aidon\" data-secret=\"qHSZpVPjbn\" frameborder=\"0\" marginwidth=\"0\" marginheight=\"0\" scrolling=\"no\" class=\"wp-embedded-content\"><\/iframe><script type=\"text\/javascript\">\n\/* <![CDATA[ *\/\n\/*! This file is auto-generated *\/\n!function(d,l){\"use strict\";l.querySelector&&d.addEventListener&&\"undefined\"!=typeof URL&&(d.wp=d.wp||{},d.wp.receiveEmbedMessage||(d.wp.receiveEmbedMessage=function(e){var t=e.data;if((t||t.secret||t.message||t.value)&&!\/[^a-zA-Z0-9]\/.test(t.secret)){for(var s,r,n,a=l.querySelectorAll('iframe[data-secret=\"'+t.secret+'\"]'),o=l.querySelectorAll('blockquote[data-secret=\"'+t.secret+'\"]'),c=new RegExp(\"^https?:$\",\"i\"),i=0;i<o.length;i++)o[i].style.display=\"none\";for(i=0;i<a.length;i++)s=a[i],e.source===s.contentWindow&&(s.removeAttribute(\"style\"),\"height\"===t.message?(1e3<(r=parseInt(t.value,10))?r=1e3:~~r<200&&(r=200),s.height=r):\"link\"===t.message&&(r=new URL(s.getAttribute(\"src\")),n=new URL(t.value),c.test(n.protocol))&&n.host===r.host&&l.activeElement===s&&(d.top.location.href=t.value))}},d.addEventListener(\"message\",d.wp.receiveEmbedMessage,!1),l.addEventListener(\"DOMContentLoaded\",function(){for(var e,t,s=l.querySelectorAll(\"iframe.wp-embedded-content\"),r=0;r<s.length;r++)(t=(e=s[r]).getAttribute(\"data-secret\"))||(t=Math.random().toString(36).substring(2,12),e.src+=\"#?secret=\"+t,e.setAttribute(\"data-secret\",t)),e.contentWindow.postMessage({message:\"ready\",secret:t},\"*\")},!1)))}(window,document);\n\/\/# sourceURL=https:\/\/aidon.com\/wp-includes\/js\/wp-embed.min.js\n\/* ]]> *\/\n<\/script>\n","description":"P\u00e5 onsdagen den 20 november, skriver Tekniska verken avtal med teknik- och tj\u00e4nsteleverant\u00f6ren Aidon om byte av 95 000 elm\u00e4tare hos Tekniska verkens kunder. Syftet med bytet av elm\u00e4tare \u00e4r bland annat att trygga en s\u00e4krare drift av eln\u00e4tet och att minska effekttopparna f\u00f6r att klara allt mer f\u00f6rnybar elproduktion&hellip;","thumbnail_url":"https:\/\/aidon.com\/wp-content\/uploads\/2022\/12\/Aidon-TVL-2211-2019.jpg"}